{"id":1832,"date":"2015-09-25T15:58:58","date_gmt":"2015-09-25T13:58:58","guid":{"rendered":"http:\/\/wpecole.ac-besancon.fr\/?page_id=1740"},"modified":"2021-01-14T10:46:11","modified_gmt":"2021-01-14T09:46:11","slug":"contacts","status":"publish","type":"page","link":"http:\/\/prim-st-sauveur.ac-besancon.fr\/?page_id=1832","title":{"rendered":"Contacts \/ Mentions l\u00e9gales"},"content":{"rendered":"<address>\u00c9cole primaire Saint Sauveur<\/address>\n<address>1 bis rue PINGAND<\/address>\n<address>70300<\/address>\n<address>ST SAUVEUR<\/address>\n<address>Tel : 03 84 40 33 47<\/address>\n<p><em>\u2013 Responsable l\u00e9gal \u2013 Directeur de la publication :<br \/>\n<\/em><label><\/label> L-Hote <label><\/label> Carole<\/p>\n<p><em>\u2013 Responsable d\u2019\u00e9dition :<\/em><br \/>\nJacques Evelyne<\/p>\n<p><em>\u2013 Webmaster :<\/em><br \/>\nJacques Evelyne<\/p>\n<p><em>\u2013 H\u00e9bergeur :<\/em><br \/>\nDirection des Syst\u00e8mes d\u2019Information de l\u2019acad\u00e9mie de Besan\u00e7on<br \/>\n10, rue de la convention<br \/>\n25030 Besan\u00e7on Cedex<br \/>\nT\u00e9l. : 03 81 65 47 00<br \/>\nce.dsi@ac-besancon.fr<\/p>\n<p>Pour contacter l&rsquo;\u00e9cole,\u00a0 merci de compl\u00e9ter le formulaire ci-dessous, une r\u00e9ponse vous sera apport\u00e9e d\u00e8s que possible.<\/p>\n\n<div class=\"wpcf7 no-js\" id=\"wpcf7-f1909-o1\" lang=\"fr-FR\" dir=\"ltr\" data-wpcf7-id=\"1909\">\n<div class=\"screen-reader-response\"><p role=\"status\" aria-live=\"polite\" aria-atomic=\"true\"><\/p> <ul><\/ul><\/div>\n<form action=\"\/index.php?rest_route=%2Fwp%2Fv2%2Fpages%2F1832#wpcf7-f1909-o1\" method=\"post\" class=\"wpcf7-form init\" aria-label=\"Formulaire de contact\" novalidate=\"novalidate\" data-status=\"init\">\n<fieldset class=\"hidden-fields-container\"><input type=\"hidden\" name=\"_wpcf7\" value=\"1909\" \/><input type=\"hidden\" name=\"_wpcf7_version\" value=\"6.1.5\" \/><input type=\"hidden\" name=\"_wpcf7_locale\" value=\"fr_FR\" \/><input type=\"hidden\" name=\"_wpcf7_unit_tag\" value=\"wpcf7-f1909-o1\" \/><input type=\"hidden\" name=\"_wpcf7_container_post\" value=\"0\" \/><input type=\"hidden\" name=\"_wpcf7_posted_data_hash\" value=\"\" \/>\n<\/fieldset>\n<p>Votre nom (obligatoire)\n<\/p>\n<p><span class=\"wpcf7-form-control-wrap\" data-name=\"your-name\"><input size=\"40\" maxlength=\"400\" class=\"wpcf7-form-control wpcf7-text wpcf7-validates-as-required\" aria-required=\"true\" aria-invalid=\"false\" value=\"\" type=\"text\" name=\"your-name\" \/><\/span>\n<\/p>\n<p>Votre email (obligatoire)\n<\/p>\n<p><span class=\"wpcf7-form-control-wrap\" data-name=\"your-email\"><input size=\"40\" maxlength=\"400\" class=\"wpcf7-form-control wpcf7-email wpcf7-validates-as-required wpcf7-text wpcf7-validates-as-email\" aria-required=\"true\" aria-invalid=\"false\" value=\"\" type=\"email\" name=\"your-email\" \/><\/span>\n<\/p>\n<p>Sujet\n<\/p>\n<p><span class=\"wpcf7-form-control-wrap\" data-name=\"your-subject\"><input size=\"40\" maxlength=\"400\" class=\"wpcf7-form-control wpcf7-text\" aria-invalid=\"false\" value=\"\" type=\"text\" name=\"your-subject\" \/><\/span>\n<\/p>\n<p>Votre message\n<\/p>\n<p><span class=\"wpcf7-form-control-wrap\" data-name=\"your-message\"><textarea cols=\"40\" rows=\"10\" maxlength=\"2000\" class=\"wpcf7-form-control wpcf7-textarea\" aria-invalid=\"false\" name=\"your-message\"><\/textarea><\/span>\n<\/p>\n<p><input class=\"wpcf7-form-control wpcf7-submit has-spinner\" type=\"submit\" value=\"Envoyer\" \/>\n<\/p><div class=\"wpcf7-response-output\" aria-hidden=\"true\"><\/div>\n<\/form>\n<\/div>\n\n","protected":false},"excerpt":{"rendered":"<p>\u00c9cole primaire Saint Sauveur 1 bis rue PINGAND 70300 ST SAUVEUR Tel : 03 84 40 33 47 \u2013 Responsable l\u00e9gal \u2013 Directeur de la &hellip; <\/p>\n","protected":false},"author":64,"featured_media":0,"parent":0,"menu_order":0,"comment_status":"closed","ping_status":"closed","template":"","meta":{"footnotes":""},"class_list":["post-1832","page","type-page","status-publish","hentry"],"_links":{"self":[{"href":"http:\/\/prim-st-sauveur.ac-besancon.fr\/index.php?rest_route=\/wp\/v2\/pages\/1832","targetHints":{"allow":["GET"]}}],"collection":[{"href":"http:\/\/prim-st-sauveur.ac-besancon.fr\/index.php?rest_route=\/wp\/v2\/pages"}],"about":[{"href":"http:\/\/prim-st-sauveur.ac-besancon.fr\/index.php?rest_route=\/wp\/v2\/types\/page"}],"author":[{"embeddable":true,"href":"http:\/\/prim-st-sauveur.ac-besancon.fr\/index.php?rest_route=\/wp\/v2\/users\/64"}],"replies":[{"embeddable":true,"href":"http:\/\/prim-st-sauveur.ac-besancon.fr\/index.php?rest_route=%2Fwp%2Fv2%2Fcomments&post=1832"}],"version-history":[{"count":2,"href":"http:\/\/prim-st-sauveur.ac-besancon.fr\/index.php?rest_route=\/wp\/v2\/pages\/1832\/revisions"}],"predecessor-version":[{"id":2196,"href":"http:\/\/prim-st-sauveur.ac-besancon.fr\/index.php?rest_route=\/wp\/v2\/pages\/1832\/revisions\/2196"}],"wp:attachment":[{"href":"http:\/\/prim-st-sauveur.ac-besancon.fr\/index.php?rest_route=%2Fwp%2Fv2%2Fmedia&parent=1832"}],"curies":[{"name":"wp","href":"https:\/\/api.w.org\/{rel}","templated":true}]}}